{"id":113,"date":"2020-02-01T16:14:43","date_gmt":"2020-02-01T15:14:43","guid":{"rendered":"http:\/\/www.tanzundbegegnung.de\/?page_id=113"},"modified":"2020-03-07T18:38:30","modified_gmt":"2020-03-07T17:38:30","slug":"elementor-113","status":"publish","type":"page","link":"http:\/\/www.tanzundbegegnung.de\/?page_id=113","title":{"rendered":"Dansevita"},"content":{"rendered":"\t\t<div data-elementor-type=\"wp-post\" data-elementor-id=\"113\" class=\"elementor elementor-113\">\n\t\t\t\t\t\t<div class=\"elementor-inner\">\n\t\t\t\t<div class=\"elementor-section-wrap\">\n\t\t\t\t\t\t\t\t\t<section class=\"elementor-section elementor-top-section elementor-element elementor-element-5e46bd2 elementor-section-boxed elementor-section-height-default elementor-section-height-default\" data-id=\"5e46bd2\" data-element_type=\"section\" data-settings=\"{&quot;background_background&quot;:&quot;classic&quot;}\">\n\t\t\t\t\t\t<div class=\"elementor-container elementor-column-gap-default\">\n\t\t\t\t\t\t\t<div class=\"elementor-row\">\n\t\t\t\t\t<div class=\"elementor-column elementor-col-100 elementor-top-column elementor-element elementor-element-d57da52\" data-id=\"d57da52\" data-element_type=\"column\">\n\t\t\t<div class=\"elementor-column-wrap elementor-element-populated\">\n\t\t\t\t\t\t\t<div class=\"elementor-widget-wrap\">\n\t\t\t\t\t\t<div class=\"elementor-element elementor-element-1c049a3 elementor-widget elementor-widget-heading\" data-id=\"1c049a3\" data-element_type=\"widget\" data-widget_type=\"heading.default\">\n\t\t\t\t<div class=\"elementor-widget-container\">\n\t\t\t<h3 class=\"elementor-heading-title elementor-size-large\">DanseVita<\/h3>\t\t<\/div>\n\t\t\t\t<\/div>\n\t\t\t\t\t\t<\/div>\n\t\t\t\t\t<\/div>\n\t\t<\/div>\n\t\t\t\t\t\t\t\t<\/div>\n\t\t\t\t\t<\/div>\n\t\t<\/section>\n\t\t\t\t<section class=\"elementor-section elementor-top-section elementor-element elementor-element-945aa21 elementor-section-boxed elementor-section-height-default elementor-section-height-default\" data-id=\"945aa21\" data-element_type=\"section\" data-settings=\"{&quot;background_background&quot;:&quot;classic&quot;}\">\n\t\t\t\t\t\t\t<div class=\"elementor-background-overlay\"><\/div>\n\t\t\t\t\t\t\t<div class=\"elementor-container elementor-column-gap-default\">\n\t\t\t\t\t\t\t<div class=\"elementor-row\">\n\t\t\t\t\t<div class=\"elementor-column elementor-col-50 elementor-top-column elementor-element elementor-element-6ced77d\" data-id=\"6ced77d\" data-element_type=\"column\">\n\t\t\t<div class=\"elementor-column-wrap elementor-element-populated\">\n\t\t\t\t\t\t\t<div class=\"elementor-widget-wrap\">\n\t\t\t\t\t\t<div class=\"elementor-element elementor-element-c3c9488 elementor-widget elementor-widget-text-editor\" data-id=\"c3c9488\" data-element_type=\"widget\" data-widget_type=\"text-editor.default\">\n\t\t\t\t<div class=\"elementor-widget-container\">\n\t\t\t\t\t\t\t\t<div class=\"elementor-text-editor elementor-clearfix\">\n\t\t\t\t<p style=\"text-align: left;\">DanseVita bietet die Gelegenheit zu Tanz und Begegnung in einer besch\u00fctzten und liebevollen Umgebung.<br \/>Ausgew\u00e4hlte Musik, Bewegung und das emotionale Erlebnis bilden hierbei eine Einheit. Das tiefe Erlebnis von Harmonie, das sich-treiben-lassen, sowie W\u00e4rme, Erf\u00fcllung und zwischen-menschliche Kommunikation sind die wesentlichen Bestandteile von DanseVita.<br \/>Die Potentiale des Menschen werden gef\u00f6rdert, entwickelt und integriert. Vitalit\u00e4t und Lebensfreude werden wieder sp\u00fcrbar und k\u00f6nnen sinnvoll zur Gestaltung des eigenen Lebens eingesetzt werden.<\/p><p>Der nonverbale Ansatz erm\u00f6glicht ein tieferes, intensiveres F\u00fchlen und Wahrnehmen der eigenen Person, der eigenen Geschichte und des Lebensmomentes &#8230;<\/p>\t\t\t\t\t<\/div>\n\t\t\t\t\t\t<\/div>\n\t\t\t\t<\/div>\n\t\t\t\t<div class=\"elementor-element elementor-element-4aaa9df elementor-widget elementor-widget-image\" data-id=\"4aaa9df\" data-element_type=\"widget\" data-widget_type=\"image.default\">\n\t\t\t\t<div class=\"elementor-widget-container\">\n\t\t\t\t\t\t\t\t<div class=\"elementor-image\">\n\t\t\t\t\t\t\t\t\t\t\t\t<img decoding=\"async\" width=\"1\" height=\"1\" src=\"http:\/\/www.tanzundbegegnung.de\/wp-content\/uploads\/2020\/03\/blockquote-01.svg\" class=\"attachment-thumbnail size-thumbnail wp-image-735\" alt=\"\" loading=\"lazy\" \/>\t\t\t\t\t\t\t\t\t\t\t\t\t\t<\/div>\n\t\t\t\t\t\t<\/div>\n\t\t\t\t<\/div>\n\t\t\t\t<div class=\"elementor-element elementor-element-06d1728 elementor-widget elementor-widget-heading\" data-id=\"06d1728\" data-element_type=\"widget\" data-widget_type=\"heading.default\">\n\t\t\t\t<div class=\"elementor-widget-container\">\n\t\t\t<h2 class=\"elementor-heading-title elementor-size-default\">Und DanseVita macht ganz viel Spa\u00df!<\/h2>\t\t<\/div>\n\t\t\t\t<\/div>\n\t\t\t\t<div class=\"elementor-element elementor-element-0545d85 elementor-widget elementor-widget-spacer\" data-id=\"0545d85\" data-element_type=\"widget\" data-widget_type=\"spacer.default\">\n\t\t\t\t<div class=\"elementor-widget-container\">\n\t\t\t\t\t<div class=\"elementor-spacer\">\n\t\t\t<div class=\"elementor-spacer-inner\"><\/div>\n\t\t<\/div>\n\t\t\t\t<\/div>\n\t\t\t\t<\/div>\n\t\t\t\t<div class=\"elementor-element elementor-element-37ae075 elementor-widget elementor-widget-text-editor\" data-id=\"37ae075\" data-element_type=\"widget\" data-widget_type=\"text-editor.default\">\n\t\t\t\t<div class=\"elementor-widget-container\">\n\t\t\t\t\t\t\t\t<div class=\"elementor-text-editor elementor-clearfix\">\n\t\t\t\t<p><span style=\"font-size: 16px;\">Ende der 80iger Jahre entwickelte Matthias Hotz (Sportwissenschaftler, Ethnologe und Psychotherapeut) die Methode DanseVita\u00ae &#8211; den heilsamen Tanz des Lebens.\u00a0<\/span><\/p>\t\t\t\t\t<\/div>\n\t\t\t\t\t\t<\/div>\n\t\t\t\t<\/div>\n\t\t\t\t\t\t<\/div>\n\t\t\t\t\t<\/div>\n\t\t<\/div>\n\t\t\t\t<div class=\"elementor-column elementor-col-50 elementor-top-column elementor-element elementor-element-f593053\" data-id=\"f593053\" data-element_type=\"column\">\n\t\t\t<div class=\"elementor-column-wrap elementor-element-populated\">\n\t\t\t\t\t\t\t<div class=\"elementor-widget-wrap\">\n\t\t\t\t\t\t<div class=\"elementor-element elementor-element-56ffac5 elementor-widget elementor-widget-image\" data-id=\"56ffac5\" data-element_type=\"widget\" data-widget_type=\"image.default\">\n\t\t\t\t<div class=\"elementor-widget-container\">\n\t\t\t\t\t\t\t\t<div class=\"elementor-image\">\n\t\t\t\t\t\t\t\t\t<figure class=\"wp-caption\">\n\t\t\t\t\t\t\t\t\t\t<img decoding=\"async\" src=\"http:\/\/www.tanzundbegegnung.de\/wp-content\/uploads\/elementor\/thumbs\/portraitNeu-om8iuputpg7scpsnp1yar8jhme05u2icd4y6tcj54u.jpg\" title=\"portraitNeu\" alt=\"portraitNeu\" loading=\"lazy\" \/>\t\t\t\t\t\t\t\t\t\t\t<figcaption class=\"widget-image-caption wp-caption-text\">Gerda Haas, DanseVita\u00ae-Lehrerin,  Systemische Beraterin<\/figcaption>\n\t\t\t\t\t\t\t\t\t\t<\/figure>\n\t\t\t\t\t\t\t\t<\/div>\n\t\t\t\t\t\t<\/div>\n\t\t\t\t<\/div>\n\t\t\t\t<div class=\"elementor-element elementor-element-0b242ad elementor-widget elementor-widget-text-editor\" data-id=\"0b242ad\" data-element_type=\"widget\" data-widget_type=\"text-editor.default\">\n\t\t\t\t<div class=\"elementor-widget-container\">\n\t\t\t\t\t\t\t\t<div class=\"elementor-text-editor elementor-clearfix\">\n\t\t\t\t<p style=\"padding-left: 55px; padding-right: 50px;\">1998 lernte ich DanseVita kennen und seitdem l\u00e4\u00dft es mich nicht mehr los.\nMit <span style=\"color: #97BF0D; font-size: 18px;\"><b>DanseVita<\/b><\/span> sp\u00fcre ich meine Vitalit\u00e4t und Lebendigkeit. Ich nehme mich und meine Umgebung intensiver wahr.\u00a0Wenn ich tanze f\u00fchle ich mich so unsagbar wohl, nahe an der Gl\u00fcckseligkeit.\u00a0DanseVita hat mich ermuntert in jedem Augenblick ich selbst zu sein, mich zu vers\u00f6hnen mit allem, was zu mir geh\u00f6rt.<\/p>\n<p style=\"padding-left: 55px; padding-right: 50px;\">Meine dreij\u00e4hrige Ausbildung am DanseVita-Institut unter der Leitung von Matthias Hotz hat mich darin best\u00e4rkt, Menschen bei ihrem Tanz des Lebens zu begleiten.<\/p>\t\t\t\t\t<\/div>\n\t\t\t\t\t\t<\/div>\n\t\t\t\t<\/div>\n\t\t\t\t\t\t<\/div>\n\t\t\t\t\t<\/div>\n\t\t<\/div>\n\t\t\t\t\t\t\t\t<\/div>\n\t\t\t\t\t<\/div>\n\t\t<\/section>\n\t\t\t\t\t\t\t\t\t<\/div>\n\t\t\t<\/div>\n\t\t\t\t\t<\/div>\n\t\t","protected":false},"excerpt":{"rendered":"<p>DanseVita DanseVita bietet die Gelegenheit zu Tanz und Begegnung in einer besch\u00fctzten und liebevollen Umgebung.Ausgew\u00e4hlte Musik, Bewegung und das emotionale Erlebnis bilden hierbei eine Einheit. Das tiefe Erlebnis von Harmonie, das sich-treiben-lassen, sowie W\u00e4rme, Erf\u00fcllung und zwischen-menschliche Kommunikation sind die wesentlichen Bestandteile von DanseVita.Die Potentiale des Menschen werden gef\u00f6rdert, entwickelt und integriert. Vitalit\u00e4t und Lebensfreude [&hellip;]<\/p>\n","protected":false},"author":2,"featured_media":0,"parent":0,"menu_order":0,"comment_status":"closed","ping_status":"closed","template":"elementor_header_footer","meta":[],"yoast_head":"<!-- This site is optimized with the Yoast SEO plugin v20.1 - https:\/\/yoast.com\/wordpress\/plugins\/seo\/ -->\n<title>Dansevita - Tanz und Begegnung<\/title>\n<meta name=\"description\" content=\"Komm und tanz mit mir - f\u00fchle dich eingeladen, ob jung oder alt, ob Mann oder Frau. Alles was du brauchst: ein wenig Offenheit und Neugierde.\" \/>\n<meta name=\"robots\" content=\"index, follow, max-snippet:-1, max-image-preview:large, max-video-preview:-1\" \/>\n<link rel=\"canonical\" href=\"http:\/\/www.tanzundbegegnung.de\/?page_id=113\" \/>\n<meta property=\"og:locale\" content=\"de_DE\" \/>\n<meta property=\"og:type\" content=\"article\" \/>\n<meta property=\"og:title\" content=\"Dansevita - Tanz und Begegnung\" \/>\n<meta property=\"og:description\" content=\"Komm und tanz mit mir - f\u00fchle dich eingeladen, ob jung oder alt, ob Mann oder Frau. Alles was du brauchst: ein wenig Offenheit und Neugierde.\" \/>\n<meta property=\"og:url\" content=\"http:\/\/www.tanzundbegegnung.de\/?page_id=113\" \/>\n<meta property=\"og:site_name\" content=\"Tanz und Begegnung\" \/>\n<meta property=\"article:modified_time\" content=\"2020-03-07T17:38:30+00:00\" \/>\n<meta property=\"og:image\" content=\"http:\/\/www.tanzundbegegnung.de\/wp-content\/uploads\/2020\/03\/blockquote-01.svg\" \/>\n<meta name=\"twitter:card\" content=\"summary_large_image\" \/>\n<meta name=\"twitter:label1\" content=\"Gesch\u00e4tzte Lesezeit\" \/>\n\t<meta name=\"twitter:data1\" content=\"1\u00a0Minute\" \/>\n<script type=\"application\/ld+json\" class=\"yoast-schema-graph\">{\"@context\":\"https:\/\/schema.org\",\"@graph\":[{\"@type\":\"WebPage\",\"@id\":\"http:\/\/www.tanzundbegegnung.de\/?page_id=113\",\"url\":\"http:\/\/www.tanzundbegegnung.de\/?page_id=113\",\"name\":\"Dansevita - Tanz und Begegnung\",\"isPartOf\":{\"@id\":\"http:\/\/www.tanzundbegegnung.de\/#website\"},\"datePublished\":\"2020-02-01T15:14:43+00:00\",\"dateModified\":\"2020-03-07T17:38:30+00:00\",\"description\":\"Komm und tanz mit mir - f\u00fchle dich eingeladen, ob jung oder alt, ob Mann oder Frau. Alles was du brauchst: ein wenig Offenheit und Neugierde.\",\"breadcrumb\":{\"@id\":\"http:\/\/www.tanzundbegegnung.de\/?page_id=113#breadcrumb\"},\"inLanguage\":\"de\",\"potentialAction\":[{\"@type\":\"ReadAction\",\"target\":[\"http:\/\/www.tanzundbegegnung.de\/?page_id=113\"]}]},{\"@type\":\"BreadcrumbList\",\"@id\":\"http:\/\/www.tanzundbegegnung.de\/?page_id=113#breadcrumb\",\"itemListElement\":[{\"@type\":\"ListItem\",\"position\":1,\"name\":\"Startseite\",\"item\":\"http:\/\/www.tanzundbegegnung.de\/\"},{\"@type\":\"ListItem\",\"position\":2,\"name\":\"Dansevita\"}]},{\"@type\":\"WebSite\",\"@id\":\"http:\/\/www.tanzundbegegnung.de\/#website\",\"url\":\"http:\/\/www.tanzundbegegnung.de\/\",\"name\":\"Tanz und Begegnung\",\"description\":\"\",\"potentialAction\":[{\"@type\":\"SearchAction\",\"target\":{\"@type\":\"EntryPoint\",\"urlTemplate\":\"http:\/\/www.tanzundbegegnung.de\/?s={search_term_string}\"},\"query-input\":\"required name=search_term_string\"}],\"inLanguage\":\"de\"}]}<\/script>\n<!-- \/ Yoast SEO plugin. -->","yoast_head_json":{"title":"Dansevita - Tanz und Begegnung","description":"Komm und tanz mit mir - f\u00fchle dich eingeladen, ob jung oder alt, ob Mann oder Frau. Alles was du brauchst: ein wenig Offenheit und Neugierde.","robots":{"index":"index","follow":"follow","max-snippet":"max-snippet:-1","max-image-preview":"max-image-preview:large","max-video-preview":"max-video-preview:-1"},"canonical":"http:\/\/www.tanzundbegegnung.de\/?page_id=113","og_locale":"de_DE","og_type":"article","og_title":"Dansevita - Tanz und Begegnung","og_description":"Komm und tanz mit mir - f\u00fchle dich eingeladen, ob jung oder alt, ob Mann oder Frau. Alles was du brauchst: ein wenig Offenheit und Neugierde.","og_url":"http:\/\/www.tanzundbegegnung.de\/?page_id=113","og_site_name":"Tanz und Begegnung","article_modified_time":"2020-03-07T17:38:30+00:00","og_image":[{"url":"http:\/\/www.tanzundbegegnung.de\/wp-content\/uploads\/2020\/03\/blockquote-01.svg"}],"twitter_card":"summary_large_image","twitter_misc":{"Gesch\u00e4tzte Lesezeit":"1\u00a0Minute"},"schema":{"@context":"https:\/\/schema.org","@graph":[{"@type":"WebPage","@id":"http:\/\/www.tanzundbegegnung.de\/?page_id=113","url":"http:\/\/www.tanzundbegegnung.de\/?page_id=113","name":"Dansevita - Tanz und Begegnung","isPartOf":{"@id":"http:\/\/www.tanzundbegegnung.de\/#website"},"datePublished":"2020-02-01T15:14:43+00:00","dateModified":"2020-03-07T17:38:30+00:00","description":"Komm und tanz mit mir - f\u00fchle dich eingeladen, ob jung oder alt, ob Mann oder Frau. Alles was du brauchst: ein wenig Offenheit und Neugierde.","breadcrumb":{"@id":"http:\/\/www.tanzundbegegnung.de\/?page_id=113#breadcrumb"},"inLanguage":"de","potentialAction":[{"@type":"ReadAction","target":["http:\/\/www.tanzundbegegnung.de\/?page_id=113"]}]},{"@type":"BreadcrumbList","@id":"http:\/\/www.tanzundbegegnung.de\/?page_id=113#breadcrumb","itemListElement":[{"@type":"ListItem","position":1,"name":"Startseite","item":"http:\/\/www.tanzundbegegnung.de\/"},{"@type":"ListItem","position":2,"name":"Dansevita"}]},{"@type":"WebSite","@id":"http:\/\/www.tanzundbegegnung.de\/#website","url":"http:\/\/www.tanzundbegegnung.de\/","name":"Tanz und Begegnung","description":"","potentialAction":[{"@type":"SearchAction","target":{"@type":"EntryPoint","urlTemplate":"http:\/\/www.tanzundbegegnung.de\/?s={search_term_string}"},"query-input":"required name=search_term_string"}],"inLanguage":"de"}]}},"_links":{"self":[{"href":"http:\/\/www.tanzundbegegnung.de\/index.php?rest_route=\/wp\/v2\/pages\/113"}],"collection":[{"href":"http:\/\/www.tanzundbegegnung.de\/index.php?rest_route=\/wp\/v2\/pages"}],"about":[{"href":"http:\/\/www.tanzundbegegnung.de\/index.php?rest_route=\/wp\/v2\/types\/page"}],"author":[{"embeddable":true,"href":"http:\/\/www.tanzundbegegnung.de\/index.php?rest_route=\/wp\/v2\/users\/2"}],"replies":[{"embeddable":true,"href":"http:\/\/www.tanzundbegegnung.de\/index.php?rest_route=%2Fwp%2Fv2%2Fcomments&post=113"}],"version-history":[{"count":0,"href":"http:\/\/www.tanzundbegegnung.de\/index.php?rest_route=\/wp\/v2\/pages\/113\/revisions"}],"wp:attachment":[{"href":"http:\/\/www.tanzundbegegnung.de\/index.php?rest_route=%2Fwp%2Fv2%2Fmedia&parent=113"}],"curies":[{"name":"wp","href":"https:\/\/api.w.org\/{rel}","templated":true}]}}